{"id":1084,"date":"2021-07-06T21:43:56","date_gmt":"2021-07-06T19:43:56","guid":{"rendered":"http:\/\/www.tierschutzverein-gross-dortmund.de\/WP2021\/?page_id=1084"},"modified":"2024-06-17T13:29:05","modified_gmt":"2024-06-17T11:29:05","slug":"datenschutz","status":"publish","type":"page","link":"http:\/\/tierschutzverein-gross-dortmund.de\/WP2021\/datenschutz\/","title":{"rendered":"Datenschutz"},"content":{"rendered":"\t\t<div data-elementor-type=\"wp-page\" data-elementor-id=\"1084\" class=\"elementor elementor-1084\">\n\t\t\t\t\t\t<section class=\"elementor-section elementor-top-section elementor-element elementor-element-613a798d elementor-section-boxed elementor-section-height-default elementor-section-height-default\" data-id=\"613a798d\" data-element_type=\"section\" data-e-type=\"section\" data-settings=\"{&quot;background_background&quot;:&quot;classic&quot;}\">\n\t\t\t\t\t\t<div class=\"elementor-container elementor-column-gap-default\">\n\t\t\t\t\t<div class=\"elementor-column elementor-col-16 elementor-top-column elementor-element elementor-element-1305ef30\" data-id=\"1305ef30\" data-element_type=\"column\" data-e-type=\"column\">\n\t\t\t<div class=\"elementor-widget-wrap elementor-element-populated\">\n\t\t\t\t\t\t<div class=\"elementor-element elementor-element-35d7835d elementor-widget elementor-widget-image\" data-id=\"35d7835d\" data-element_type=\"widget\" data-e-type=\"widget\" data-widget_type=\"image.default\">\n\t\t\t\t<div class=\"elementor-widget-container\">\n\t\t\t\t\t\t\t\t\t\t\t\t\t\t\t<img decoding=\"async\" width=\"81\" height=\"76\" src=\"http:\/\/tierschutzverein-gross-dortmund.de\/WP2021\/wp-content\/uploads\/2021\/07\/igellinks-1.gif\" class=\"attachment-full size-full wp-image-402\" alt=\"\" \/>\t\t\t\t\t\t\t\t\t\t\t\t\t\t\t<\/div>\n\t\t\t\t<\/div>\n\t\t\t\t\t<\/div>\n\t\t<\/div>\n\t\t\t\t<div class=\"elementor-column elementor-col-66 elementor-top-column elementor-element elementor-element-715dfe96\" data-id=\"715dfe96\" data-element_type=\"column\" data-e-type=\"column\">\n\t\t\t<div class=\"elementor-widget-wrap elementor-element-populated\">\n\t\t\t\t\t\t<div class=\"elementor-element elementor-element-2094a8cf elementor-widget elementor-widget-heading\" data-id=\"2094a8cf\" data-element_type=\"widget\" data-e-type=\"widget\" data-widget_type=\"heading.default\">\n\t\t\t\t<div class=\"elementor-widget-container\">\n\t\t\t\t\t<h2 class=\"elementor-heading-title elementor-size-default\">TierSchutzVerein<\/h2>\t\t\t\t<\/div>\n\t\t\t\t<\/div>\n\t\t\t\t<div class=\"elementor-element elementor-element-54c4c589 elementor-widget elementor-widget-heading\" data-id=\"54c4c589\" data-element_type=\"widget\" data-e-type=\"widget\" data-widget_type=\"heading.default\">\n\t\t\t\t<div class=\"elementor-widget-container\">\n\t\t\t\t\t<h2 class=\"elementor-heading-title elementor-size-default\">GROSS-DORTMUND e.V.  seit 1951<\/h2>\t\t\t\t<\/div>\n\t\t\t\t<\/div>\n\t\t\t\t\t<\/div>\n\t\t<\/div>\n\t\t\t\t<div class=\"elementor-column elementor-col-16 elementor-top-column elementor-element elementor-element-42695cd0\" data-id=\"42695cd0\" data-element_type=\"column\" data-e-type=\"column\">\n\t\t\t<div class=\"elementor-widget-wrap elementor-element-populated\">\n\t\t\t\t\t\t<div class=\"elementor-element elementor-element-772c7084 elementor-widget elementor-widget-image\" data-id=\"772c7084\" data-element_type=\"widget\" data-e-type=\"widget\" data-widget_type=\"image.default\">\n\t\t\t\t<div class=\"elementor-widget-container\">\n\t\t\t\t\t\t\t\t\t\t\t\t\t\t\t<img fetchpriority=\"high\" decoding=\"async\" width=\"300\" height=\"255\" src=\"http:\/\/tierschutzverein-gross-dortmund.de\/WP2021\/wp-content\/uploads\/2021\/07\/agenda-siegel_2012gr-1-300x255.jpg\" class=\"attachment-medium size-medium wp-image-403\" alt=\"\" srcset=\"http:\/\/tierschutzverein-gross-dortmund.de\/WP2021\/wp-content\/uploads\/2021\/07\/agenda-siegel_2012gr-1-300x255.jpg 300w, http:\/\/tierschutzverein-gross-dortmund.de\/WP2021\/wp-content\/uploads\/2021\/07\/agenda-siegel_2012gr-1.jpg 450w\" sizes=\"(max-width: 300px) 100vw, 300px\" \/>\t\t\t\t\t\t\t\t\t\t\t\t\t\t\t<\/div>\n\t\t\t\t<\/div>\n\t\t\t\t\t<\/div>\n\t\t<\/div>\n\t\t\t\t\t<\/div>\n\t\t<\/section>\n\t\t\t\t<section class=\"elementor-section elementor-top-section elementor-element elementor-element-7c362be4 elementor-section-boxed elementor-section-height-default elementor-section-height-default\" data-id=\"7c362be4\" data-element_type=\"section\" data-e-type=\"section\" data-settings=\"{&quot;background_background&quot;:&quot;classic&quot;}\">\n\t\t\t\t\t\t<div class=\"elementor-container elementor-column-gap-default\">\n\t\t\t\t\t<div class=\"elementor-column elementor-col-16 elementor-top-column elementor-element elementor-element-5f269b3d\" data-id=\"5f269b3d\" data-element_type=\"column\" data-e-type=\"column\">\n\t\t\t<div class=\"elementor-widget-wrap\">\n\t\t\t\t\t\t\t<\/div>\n\t\t<\/div>\n\t\t\t\t<div class=\"elementor-column elementor-col-66 elementor-top-column elementor-element elementor-element-b517614\" data-id=\"b517614\" data-element_type=\"column\" data-e-type=\"column\">\n\t\t\t<div class=\"elementor-widget-wrap\">\n\t\t\t\t\t<div class=\"elementor-background-overlay\"><\/div>\n\t\t\t\t\t\t\t<\/div>\n\t\t<\/div>\n\t\t\t\t<div class=\"elementor-column elementor-col-16 elementor-top-column elementor-element elementor-element-722f4e7f\" data-id=\"722f4e7f\" data-element_type=\"column\" data-e-type=\"column\">\n\t\t\t<div class=\"elementor-widget-wrap elementor-element-populated\">\n\t\t\t\t\t\t<div class=\"elementor-element elementor-element-5e2bb0c7 elementor-widget elementor-widget-text-editor\" data-id=\"5e2bb0c7\" data-element_type=\"widget\" data-e-type=\"widget\" data-widget_type=\"text-editor.default\">\n\t\t\t\t<div class=\"elementor-widget-container\">\n\t\t\t\t\t\t\t\t\t<p>Stand vom: 17.06.2024<\/p>\t\t\t\t\t\t\t\t<\/div>\n\t\t\t\t<\/div>\n\t\t\t\t\t<\/div>\n\t\t<\/div>\n\t\t\t\t\t<\/div>\n\t\t<\/section>\n\t\t\t\t<section class=\"elementor-section elementor-top-section elementor-element elementor-element-6b8875c8 elementor-section-boxed elementor-section-height-default elementor-section-height-default\" data-id=\"6b8875c8\" data-element_type=\"section\" data-e-type=\"section\" data-settings=\"{&quot;background_background&quot;:&quot;classic&quot;}\">\n\t\t\t\t\t\t<div class=\"elementor-container elementor-column-gap-default\">\n\t\t\t\t\t<div class=\"elementor-column elementor-col-16 elementor-top-column elementor-element elementor-element-7af9ae3d\" data-id=\"7af9ae3d\" data-element_type=\"column\" data-e-type=\"column\" data-settings=\"{&quot;background_background&quot;:&quot;classic&quot;}\">\n\t\t\t<div class=\"elementor-widget-wrap elementor-element-populated\">\n\t\t\t\t\t\t<div class=\"elementor-element elementor-element-ff42ba7 dt-nav-menu_align-left dt-sub-menu_align-left elementor-widget elementor-widget-the7_nav-menu\" data-id=\"ff42ba7\" data-element_type=\"widget\" data-e-type=\"widget\" data-settings=\"{&quot;submenu_display&quot;:&quot;on_click&quot;}\" data-widget_type=\"the7_nav-menu.default\">\n\t\t\t\t<div class=\"elementor-widget-container\">\n\t\t\t\t\t<nav class=\"dt-nav-menu--main dt-nav-menu__container dt-sub-menu-display-on_click dt-icon-align-with_text dt-icon-position-right dt-sub-icon-position-right dt-sub-icon-align-with_text\"><ul class=\"dt-nav-menu\"><li class=\"menu-item menu-item-type-post_type menu-item-object-page menu-item-765 first depth-0\"><a href='http:\/\/tierschutzverein-gross-dortmund.de\/WP2021\/stiftung\/' data-level='1'><span class=\"item-content\"><span class=\"menu-item-text\"><span class=\"menu-text\">Stiftung<\/span><\/span><\/span><span class=\"right next-level-button\" data-icon = \"fas fa-caret-down\"><i aria-hidden=\"true\" class=\"open-button fas fa-caret-right\"><\/i> <i aria-hidden=\"true\" class=\"icon-active fas fa-caret-down\"><\/i><\/span><\/a><\/li> <li class=\"menu-item menu-item-type-post_type menu-item-object-page menu-item-home menu-item-1307 depth-0\"><a href='http:\/\/tierschutzverein-gross-dortmund.de\/WP2021\/' data-level='1'><span class=\"item-content\"><span class=\"menu-item-text\"><span class=\"menu-text\">Startseite<\/span><\/span><\/span><span class=\"right next-level-button\" data-icon = \"fas fa-caret-down\"><i aria-hidden=\"true\" class=\"open-button fas fa-caret-right\"><\/i> <i aria-hidden=\"true\" class=\"icon-active fas fa-caret-down\"><\/i><\/span><\/a><\/li> <li class=\"menu-item menu-item-type-post_type menu-item-object-page menu-item-763 depth-0\"><a href='http:\/\/tierschutzverein-gross-dortmund.de\/WP2021\/oeffnungszeiten\/' data-level='1'><span class=\"item-content\"><span class=\"menu-item-text\"><span class=\"menu-text\">\u00d6ffnungszeiten<\/span><\/span><\/span><span class=\"right next-level-button\" data-icon = \"fas fa-caret-down\"><i aria-hidden=\"true\" class=\"open-button fas fa-caret-right\"><\/i> <i aria-hidden=\"true\" class=\"icon-active fas fa-caret-down\"><\/i><\/span><\/a><\/li> <li class=\"menu-item menu-item-type-post_type menu-item-object-page menu-item-772 depth-0\"><a href='http:\/\/tierschutzverein-gross-dortmund.de\/WP2021\/elementor-456\/' data-level='1'><span class=\"item-content\"><span class=\"menu-item-text\"><span class=\"menu-text\">TS-Magazin<\/span><\/span><\/span><span class=\"right next-level-button\" data-icon = \"fas fa-caret-down\"><i aria-hidden=\"true\" class=\"open-button fas fa-caret-right\"><\/i> <i aria-hidden=\"true\" class=\"icon-active fas fa-caret-down\"><\/i><\/span><\/a><\/li> <li class=\"menu-item menu-item-type-post_type menu-item-object-page menu-item-758 depth-0\"><a href='http:\/\/tierschutzverein-gross-dortmund.de\/WP2021\/aktuelles\/' data-level='1'><span class=\"item-content\"><span class=\"menu-item-text\"><span class=\"menu-text\">Aktuelles<\/span><\/span><\/span><span class=\"right next-level-button\" data-icon = \"fas fa-caret-down\"><i aria-hidden=\"true\" class=\"open-button fas fa-caret-right\"><\/i> <i aria-hidden=\"true\" class=\"icon-active fas fa-caret-down\"><\/i><\/span><\/a><\/li> <li class=\"menu-item menu-item-type-post_type menu-item-object-page menu-item-has-children menu-item-762 has-children depth-0\"><a href='http:\/\/tierschutzverein-gross-dortmund.de\/WP2021\/not\/' data-level='1' aria-haspopup='true' aria-expanded='false'><span class=\"item-content\"><span class=\"menu-item-text\"><span class=\"menu-text\">Notfelle und Pechv\u00f6gel<\/span><\/span><\/span><span class=\"right next-level-button\" data-icon = \"fas fa-caret-down\"><i aria-hidden=\"true\" class=\"open-button fas fa-caret-right\"><\/i> <i aria-hidden=\"true\" class=\"icon-active fas fa-caret-down\"><\/i><\/span><\/a><ul class=\"the7-e-sub-nav vertical-sub-nav\"  role=\"group\"><li class=\"menu-item menu-item-type-post_type menu-item-object-page menu-item-1654 first depth-1\"><a href='http:\/\/tierschutzverein-gross-dortmund.de\/WP2021\/not\/berlingo\/' data-level='2'><span class=\"item-content\"><span class=\"menu-item-text\"><span class=\"menu-text\">Berlingo&#038;Citroen<\/span><\/span><\/span><span class=\"right next-level-button\" data-icon = \"fas fa-caret-down\"><i aria-hidden=\"true\" class=\"open-button fas fa-caret-right\"><\/i> <i aria-hidden=\"true\" class=\"icon-active fas fa-caret-down\"><\/i><\/span><\/a><\/li> <li class=\"menu-item menu-item-type-post_type menu-item-object-page menu-item-2010 depth-1\"><a href='http:\/\/tierschutzverein-gross-dortmund.de\/WP2021\/not\/dzeki\/' data-level='2'><span class=\"item-content\"><span class=\"menu-item-text\"><span class=\"menu-text\">Dzeki<\/span><\/span><\/span><span class=\"right next-level-button\" data-icon = \"fas fa-caret-down\"><i aria-hidden=\"true\" class=\"open-button fas fa-caret-right\"><\/i> <i aria-hidden=\"true\" class=\"icon-active fas fa-caret-down\"><\/i><\/span><\/a><\/li> <li class=\"menu-item menu-item-type-post_type menu-item-object-page menu-item-1652 depth-1\"><a href='http:\/\/tierschutzverein-gross-dortmund.de\/WP2021\/not\/hades\/' data-level='2'><span class=\"item-content\"><span class=\"menu-item-text\"><span class=\"menu-text\">Hades<\/span><\/span><\/span><span class=\"right next-level-button\" data-icon = \"fas fa-caret-down\"><i aria-hidden=\"true\" class=\"open-button fas fa-caret-right\"><\/i> <i aria-hidden=\"true\" class=\"icon-active fas fa-caret-down\"><\/i><\/span><\/a><\/li> <li class=\"menu-item menu-item-type-post_type menu-item-object-page menu-item-2482 depth-1\"><a href='http:\/\/tierschutzverein-gross-dortmund.de\/WP2021\/not\/kicia\/' data-level='2'><span class=\"item-content\"><span class=\"menu-item-text\"><span class=\"menu-text\">Kicia<\/span><\/span><\/span><span class=\"right next-level-button\" data-icon = \"fas fa-caret-down\"><i aria-hidden=\"true\" class=\"open-button fas fa-caret-right\"><\/i> <i aria-hidden=\"true\" class=\"icon-active fas fa-caret-down\"><\/i><\/span><\/a><\/li> <li class=\"menu-item menu-item-type-post_type menu-item-object-page menu-item-2008 depth-1\"><a href='http:\/\/tierschutzverein-gross-dortmund.de\/WP2021\/not\/kika\/' data-level='2'><span class=\"item-content\"><span class=\"menu-item-text\"><span class=\"menu-text\">Kika<\/span><\/span><\/span><span class=\"right next-level-button\" data-icon = \"fas fa-caret-down\"><i aria-hidden=\"true\" class=\"open-button fas fa-caret-right\"><\/i> <i aria-hidden=\"true\" class=\"icon-active fas fa-caret-down\"><\/i><\/span><\/a><\/li> <li class=\"menu-item menu-item-type-post_type menu-item-object-page menu-item-873 depth-1\"><a href='http:\/\/tierschutzverein-gross-dortmund.de\/WP2021\/not\/kiwi\/' data-level='2'><span class=\"item-content\"><span class=\"menu-item-text\"><span class=\"menu-text\">Kiwi<\/span><\/span><\/span><span class=\"right next-level-button\" data-icon = \"fas fa-caret-down\"><i aria-hidden=\"true\" class=\"open-button fas fa-caret-right\"><\/i> <i aria-hidden=\"true\" class=\"icon-active fas fa-caret-down\"><\/i><\/span><\/a><\/li> <li class=\"menu-item menu-item-type-post_type menu-item-object-page menu-item-1651 depth-1\"><a href='http:\/\/tierschutzverein-gross-dortmund.de\/WP2021\/not\/mieta\/' data-level='2'><span class=\"item-content\"><span class=\"menu-item-text\"><span class=\"menu-text\">Mieta<\/span><\/span><\/span><span class=\"right next-level-button\" data-icon = \"fas fa-caret-down\"><i aria-hidden=\"true\" class=\"open-button fas fa-caret-right\"><\/i> <i aria-hidden=\"true\" class=\"icon-active fas fa-caret-down\"><\/i><\/span><\/a><\/li> <li class=\"menu-item menu-item-type-post_type menu-item-object-page menu-item-2483 depth-1\"><a href='http:\/\/tierschutzverein-gross-dortmund.de\/WP2021\/not\/pumba\/' data-level='2'><span class=\"item-content\"><span class=\"menu-item-text\"><span class=\"menu-text\">Pumba<\/span><\/span><\/span><span class=\"right next-level-button\" data-icon = \"fas fa-caret-down\"><i aria-hidden=\"true\" class=\"open-button fas fa-caret-right\"><\/i> <i aria-hidden=\"true\" class=\"icon-active fas fa-caret-down\"><\/i><\/span><\/a><\/li> <li class=\"menu-item menu-item-type-post_type menu-item-object-page menu-item-2009 depth-1\"><a href='http:\/\/tierschutzverein-gross-dortmund.de\/WP2021\/not\/reja\/' data-level='2'><span class=\"item-content\"><span class=\"menu-item-text\"><span class=\"menu-text\">Reja<\/span><\/span><\/span><span class=\"right next-level-button\" data-icon = \"fas fa-caret-down\"><i aria-hidden=\"true\" class=\"open-button fas fa-caret-right\"><\/i> <i aria-hidden=\"true\" class=\"icon-active fas fa-caret-down\"><\/i><\/span><\/a><\/li> <li class=\"menu-item menu-item-type-post_type menu-item-object-page menu-item-1650 depth-1\"><a href='http:\/\/tierschutzverein-gross-dortmund.de\/WP2021\/not\/zuzia\/' data-level='2'><span class=\"item-content\"><span class=\"menu-item-text\"><span class=\"menu-text\">Zuzia<\/span><\/span><\/span><span class=\"right next-level-button\" data-icon = \"fas fa-caret-down\"><i aria-hidden=\"true\" class=\"open-button fas fa-caret-right\"><\/i> <i aria-hidden=\"true\" class=\"icon-active fas fa-caret-down\"><\/i><\/span><\/a><\/li> <li class=\"menu-item menu-item-type-post_type menu-item-object-page menu-item-2479 depth-1\"><a href='http:\/\/tierschutzverein-gross-dortmund.de\/WP2021\/not\/eska\/' data-level='2'><span class=\"item-content\"><span class=\"menu-item-text\"><span class=\"menu-text\">Eska<\/span><\/span><\/span><span class=\"right next-level-button\" data-icon = \"fas fa-caret-down\"><i aria-hidden=\"true\" class=\"open-button fas fa-caret-right\"><\/i> <i aria-hidden=\"true\" class=\"icon-active fas fa-caret-down\"><\/i><\/span><\/a><\/li> <li class=\"menu-item menu-item-type-post_type menu-item-object-page menu-item-2478 depth-1\"><a href='http:\/\/tierschutzverein-gross-dortmund.de\/WP2021\/not\/angela\/' data-level='2'><span class=\"item-content\"><span class=\"menu-item-text\"><span class=\"menu-text\">Angela<\/span><\/span><\/span><span class=\"right next-level-button\" data-icon = \"fas fa-caret-down\"><i aria-hidden=\"true\" class=\"open-button fas fa-caret-right\"><\/i> <i aria-hidden=\"true\" class=\"icon-active fas fa-caret-down\"><\/i><\/span><\/a><\/li> <li class=\"menu-item menu-item-type-post_type menu-item-object-page menu-item-2481 depth-1\"><a href='http:\/\/tierschutzverein-gross-dortmund.de\/WP2021\/not\/hela\/' data-level='2'><span class=\"item-content\"><span class=\"menu-item-text\"><span class=\"menu-text\">Hela<\/span><\/span><\/span><span class=\"right next-level-button\" data-icon = \"fas fa-caret-down\"><i aria-hidden=\"true\" class=\"open-button fas fa-caret-right\"><\/i> <i aria-hidden=\"true\" class=\"icon-active fas fa-caret-down\"><\/i><\/span><\/a><\/li> <li class=\"menu-item menu-item-type-post_type menu-item-object-page menu-item-2484 depth-1\"><a href='http:\/\/tierschutzverein-gross-dortmund.de\/WP2021\/not\/simba\/' data-level='2'><span class=\"item-content\"><span class=\"menu-item-text\"><span class=\"menu-text\">Simba<\/span><\/span><\/span><span class=\"right next-level-button\" data-icon = \"fas fa-caret-down\"><i aria-hidden=\"true\" class=\"open-button fas fa-caret-right\"><\/i> <i aria-hidden=\"true\" class=\"icon-active fas fa-caret-down\"><\/i><\/span><\/a><\/li> <\/ul><\/li> <li class=\"menu-item menu-item-type-post_type menu-item-object-page menu-item-has-children menu-item-759 has-children depth-0\"><a href='http:\/\/tierschutzverein-gross-dortmund.de\/WP2021\/hunde-auslauf-flaechen\/' data-level='1' aria-haspopup='true' aria-expanded='false'><span class=\"item-content\"><span class=\"menu-item-text\"><span class=\"menu-text\">Hunde-Auslauf-Fl\u00e4chen<\/span><\/span><\/span><span class=\"right next-level-button\" data-icon = \"fas fa-caret-down\"><i aria-hidden=\"true\" class=\"open-button fas fa-caret-right\"><\/i> <i aria-hidden=\"true\" class=\"icon-active fas fa-caret-down\"><\/i><\/span><\/a><ul class=\"the7-e-sub-nav vertical-sub-nav\"  role=\"group\"><li class=\"menu-item menu-item-type-post_type menu-item-object-page menu-item-886 first depth-1\"><a href='http:\/\/tierschutzverein-gross-dortmund.de\/WP2021\/brackel-leni-rommel-str\/' data-level='2'><span class=\"item-content\"><span class=\"menu-item-text\"><span class=\"menu-text\">Brackel Leni-Rommel-Str.<\/span><\/span><\/span><span class=\"right next-level-button\" data-icon = \"fas fa-caret-down\"><i aria-hidden=\"true\" class=\"open-button fas fa-caret-right\"><\/i> <i aria-hidden=\"true\" class=\"icon-active fas fa-caret-down\"><\/i><\/span><\/a><\/li> <li class=\"menu-item menu-item-type-post_type menu-item-object-page menu-item-893 depth-1\"><a href='http:\/\/tierschutzverein-gross-dortmund.de\/WP2021\/brackel-rennweg\/' data-level='2'><span class=\"item-content\"><span class=\"menu-item-text\"><span class=\"menu-text\">Brackel Rennweg<\/span><\/span><\/span><span class=\"right next-level-button\" data-icon = \"fas fa-caret-down\"><i aria-hidden=\"true\" class=\"open-button fas fa-caret-right\"><\/i> <i aria-hidden=\"true\" class=\"icon-active fas fa-caret-down\"><\/i><\/span><\/a><\/li> <li class=\"menu-item menu-item-type-post_type menu-item-object-page menu-item-901 depth-1\"><a href='http:\/\/tierschutzverein-gross-dortmund.de\/WP2021\/dorstfeld-kortental\/' data-level='2'><span class=\"item-content\"><span class=\"menu-item-text\"><span class=\"menu-text\">Dorstfeld \u2013 Kortental<\/span><\/span><\/span><span class=\"right next-level-button\" data-icon = \"fas fa-caret-down\"><i aria-hidden=\"true\" class=\"open-button fas fa-caret-right\"><\/i> <i aria-hidden=\"true\" class=\"icon-active fas fa-caret-down\"><\/i><\/span><\/a><\/li> <li class=\"menu-item menu-item-type-post_type menu-item-object-page menu-item-908 depth-1\"><a href='http:\/\/tierschutzverein-gross-dortmund.de\/WP2021\/hoerde-benninghofer-str\/' data-level='2'><span class=\"item-content\"><span class=\"menu-item-text\"><span class=\"menu-text\">H\u00f6rde Benninghofer Str.<\/span><\/span><\/span><span class=\"right next-level-button\" data-icon = \"fas fa-caret-down\"><i aria-hidden=\"true\" class=\"open-button fas fa-caret-right\"><\/i> <i aria-hidden=\"true\" class=\"icon-active fas fa-caret-down\"><\/i><\/span><\/a><\/li> <li class=\"menu-item menu-item-type-post_type menu-item-object-page menu-item-915 depth-1\"><a href='http:\/\/tierschutzverein-gross-dortmund.de\/WP2021\/hoerede-remberg\/' data-level='2'><span class=\"item-content\"><span class=\"menu-item-text\"><span class=\"menu-text\">H\u00f6rde Remberg<\/span><\/span><\/span><span class=\"right next-level-button\" data-icon = \"fas fa-caret-down\"><i aria-hidden=\"true\" class=\"open-button fas fa-caret-right\"><\/i> <i aria-hidden=\"true\" class=\"icon-active fas fa-caret-down\"><\/i><\/span><\/a><\/li> <li class=\"menu-item menu-item-type-post_type menu-item-object-page menu-item-922 depth-1\"><a href='http:\/\/tierschutzverein-gross-dortmund.de\/WP2021\/hombruch-kieferstr\/' data-level='2'><span class=\"item-content\"><span class=\"menu-item-text\"><span class=\"menu-text\">Hombruch Kieferstr.<\/span><\/span><\/span><span class=\"right next-level-button\" data-icon = \"fas fa-caret-down\"><i aria-hidden=\"true\" class=\"open-button fas fa-caret-right\"><\/i> <i aria-hidden=\"true\" class=\"icon-active fas fa-caret-down\"><\/i><\/span><\/a><\/li> <li class=\"menu-item menu-item-type-post_type menu-item-object-page menu-item-932 depth-1\"><a href='http:\/\/tierschutzverein-gross-dortmund.de\/WP2021\/innenstadt-eberstr\/' data-level='2'><span class=\"item-content\"><span class=\"menu-item-text\"><span class=\"menu-text\">Innenstadt Eberstr.<\/span><\/span><\/span><span class=\"right next-level-button\" data-icon = \"fas fa-caret-down\"><i aria-hidden=\"true\" class=\"open-button fas fa-caret-right\"><\/i> <i aria-hidden=\"true\" class=\"icon-active fas fa-caret-down\"><\/i><\/span><\/a><\/li> <li class=\"menu-item menu-item-type-post_type menu-item-object-page menu-item-939 depth-1\"><a href='http:\/\/tierschutzverein-gross-dortmund.de\/WP2021\/innenstadt-florianstr\/' data-level='2'><span class=\"item-content\"><span class=\"menu-item-text\"><span class=\"menu-text\">Innenstadt Florianstr.<\/span><\/span><\/span><span class=\"right next-level-button\" data-icon = \"fas fa-caret-down\"><i aria-hidden=\"true\" class=\"open-button fas fa-caret-right\"><\/i> <i aria-hidden=\"true\" class=\"icon-active fas fa-caret-down\"><\/i><\/span><\/a><\/li> <li class=\"menu-item menu-item-type-post_type menu-item-object-page menu-item-946 depth-1\"><a href='http:\/\/tierschutzverein-gross-dortmund.de\/WP2021\/innenstadt-stadtgarten\/' data-level='2'><span class=\"item-content\"><span class=\"menu-item-text\"><span class=\"menu-text\">Innenstadt Stadtgarten<\/span><\/span><\/span><span class=\"right next-level-button\" data-icon = \"fas fa-caret-down\"><i aria-hidden=\"true\" class=\"open-button fas fa-caret-right\"><\/i> <i aria-hidden=\"true\" class=\"icon-active fas fa-caret-down\"><\/i><\/span><\/a><\/li> <li class=\"menu-item menu-item-type-post_type menu-item-object-page menu-item-953 depth-1\"><a href='http:\/\/tierschutzverein-gross-dortmund.de\/WP2021\/innenstadt-westpark\/' data-level='2'><span class=\"item-content\"><span class=\"menu-item-text\"><span class=\"menu-text\">Innenstadt Westpark<\/span><\/span><\/span><span class=\"right next-level-button\" data-icon = \"fas fa-caret-down\"><i aria-hidden=\"true\" class=\"open-button fas fa-caret-right\"><\/i> <i aria-hidden=\"true\" class=\"icon-active fas fa-caret-down\"><\/i><\/span><\/a><\/li> <li class=\"menu-item menu-item-type-post_type menu-item-object-page menu-item-960 depth-1\"><a href='http:\/\/tierschutzverein-gross-dortmund.de\/WP2021\/koerne-am-zippen\/' data-level='2'><span class=\"item-content\"><span class=\"menu-item-text\"><span class=\"menu-text\">K\u00f6rne am Zippen<\/span><\/span><\/span><span class=\"right next-level-button\" data-icon = \"fas fa-caret-down\"><i aria-hidden=\"true\" class=\"open-button fas fa-caret-right\"><\/i> <i aria-hidden=\"true\" class=\"icon-active fas fa-caret-down\"><\/i><\/span><\/a><\/li> <li class=\"menu-item menu-item-type-post_type menu-item-object-page menu-item-967 depth-1\"><a href='http:\/\/tierschutzverein-gross-dortmund.de\/WP2021\/luetgendortmund\/' data-level='2'><span class=\"item-content\"><span class=\"menu-item-text\"><span class=\"menu-text\">L\u00fctgendortmund<\/span><\/span><\/span><span class=\"right next-level-button\" data-icon = \"fas fa-caret-down\"><i aria-hidden=\"true\" class=\"open-button fas fa-caret-right\"><\/i> <i aria-hidden=\"true\" class=\"icon-active fas fa-caret-down\"><\/i><\/span><\/a><\/li> <li class=\"menu-item menu-item-type-post_type menu-item-object-page menu-item-974 depth-1\"><a href='http:\/\/tierschutzverein-gross-dortmund.de\/WP2021\/mengede-volkspark\/' data-level='2'><span class=\"item-content\"><span class=\"menu-item-text\"><span class=\"menu-text\">Mengede Volkspark<\/span><\/span><\/span><span class=\"right next-level-button\" data-icon = \"fas fa-caret-down\"><i aria-hidden=\"true\" class=\"open-button fas fa-caret-right\"><\/i> <i aria-hidden=\"true\" class=\"icon-active fas fa-caret-down\"><\/i><\/span><\/a><\/li> <li class=\"menu-item menu-item-type-post_type menu-item-object-page menu-item-981 depth-1\"><a href='http:\/\/tierschutzverein-gross-dortmund.de\/WP2021\/nette-mengeder-str\/' data-level='2'><span class=\"item-content\"><span class=\"menu-item-text\"><span class=\"menu-text\">Nette Mengeder Str.<\/span><\/span><\/span><span class=\"right next-level-button\" data-icon = \"fas fa-caret-down\"><i aria-hidden=\"true\" class=\"open-button fas fa-caret-right\"><\/i> <i aria-hidden=\"true\" class=\"icon-active fas fa-caret-down\"><\/i><\/span><\/a><\/li> <li class=\"menu-item menu-item-type-post_type menu-item-object-page menu-item-988 depth-1\"><a href='http:\/\/tierschutzverein-gross-dortmund.de\/WP2021\/scharnhorst\/' data-level='2'><span class=\"item-content\"><span class=\"menu-item-text\"><span class=\"menu-text\">Scharnhorst<\/span><\/span><\/span><span class=\"right next-level-button\" data-icon = \"fas fa-caret-down\"><i aria-hidden=\"true\" class=\"open-button fas fa-caret-right\"><\/i> <i aria-hidden=\"true\" class=\"icon-active fas fa-caret-down\"><\/i><\/span><\/a><\/li> <li class=\"menu-item menu-item-type-post_type menu-item-object-page menu-item-995 depth-1\"><a href='http:\/\/tierschutzverein-gross-dortmund.de\/WP2021\/wambel-rennweg\/' data-level='2'><span class=\"item-content\"><span class=\"menu-item-text\"><span class=\"menu-text\">Wambel Rennweg<\/span><\/span><\/span><span class=\"right next-level-button\" data-icon = \"fas fa-caret-down\"><i aria-hidden=\"true\" class=\"open-button fas fa-caret-right\"><\/i> <i aria-hidden=\"true\" class=\"icon-active fas fa-caret-down\"><\/i><\/span><\/a><\/li> <li class=\"menu-item menu-item-type-post_type menu-item-object-page menu-item-1002 depth-1\"><a href='http:\/\/tierschutzverein-gross-dortmund.de\/WP2021\/flaechen-der-stadt\/' data-level='2'><span class=\"item-content\"><span class=\"menu-item-text\"><span class=\"menu-text\">Fl\u00e4chen der Stadt<\/span><\/span><\/span><span class=\"right next-level-button\" data-icon = \"fas fa-caret-down\"><i aria-hidden=\"true\" class=\"open-button fas fa-caret-right\"><\/i> <i aria-hidden=\"true\" class=\"icon-active fas fa-caret-down\"><\/i><\/span><\/a><\/li> <\/ul><\/li> <li class=\"menu-item menu-item-type-post_type menu-item-object-page menu-item-1009 depth-0\"><a href='http:\/\/tierschutzverein-gross-dortmund.de\/WP2021\/service\/' data-level='1'><span class=\"item-content\"><span class=\"menu-item-text\"><span class=\"menu-text\">Service<\/span><\/span><\/span><span class=\"right next-level-button\" data-icon = \"fas fa-caret-down\"><i aria-hidden=\"true\" class=\"open-button fas fa-caret-right\"><\/i> <i aria-hidden=\"true\" class=\"icon-active fas fa-caret-down\"><\/i><\/span><\/a><\/li> <li class=\"menu-item menu-item-type-post_type menu-item-object-page menu-item-1029 depth-0\"><a href='http:\/\/tierschutzverein-gross-dortmund.de\/WP2021\/links\/' data-level='1'><span class=\"item-content\"><span class=\"menu-item-text\"><span class=\"menu-text\">Links<\/span><\/span><\/span><span class=\"right next-level-button\" data-icon = \"fas fa-caret-down\"><i aria-hidden=\"true\" class=\"open-button fas fa-caret-right\"><\/i> <i aria-hidden=\"true\" class=\"icon-active fas fa-caret-down\"><\/i><\/span><\/a><\/li> <li class=\"menu-item menu-item-type-post_type menu-item-object-page menu-item-1055 depth-0\"><a href='http:\/\/tierschutzverein-gross-dortmund.de\/WP2021\/presse\/' data-level='1'><span class=\"item-content\"><span class=\"menu-item-text\"><span class=\"menu-text\">Presse<\/span><\/span><\/span><span class=\"right next-level-button\" data-icon = \"fas fa-caret-down\"><i aria-hidden=\"true\" class=\"open-button fas fa-caret-right\"><\/i> <i aria-hidden=\"true\" class=\"icon-active fas fa-caret-down\"><\/i><\/span><\/a><\/li> <li class=\"menu-item menu-item-type-post_type menu-item-object-page menu-item-1062 depth-0\"><a href='http:\/\/tierschutzverein-gross-dortmund.de\/WP2021\/ueber-uns\/' data-level='1'><span class=\"item-content\"><span class=\"menu-item-text\"><span class=\"menu-text\">\u00dcber Uns<\/span><\/span><\/span><span class=\"right next-level-button\" data-icon = \"fas fa-caret-down\"><i aria-hidden=\"true\" class=\"open-button fas fa-caret-right\"><\/i> <i aria-hidden=\"true\" class=\"icon-active fas fa-caret-down\"><\/i><\/span><\/a><\/li> <li class=\"menu-item menu-item-type-post_type menu-item-object-page menu-item-1072 depth-0\"><a href='http:\/\/tierschutzverein-gross-dortmund.de\/WP2021\/aufnahmenantrag\/' data-level='1'><span class=\"item-content\"><span class=\"menu-item-text\"><span class=\"menu-text\">Aufnahmenantrag<\/span><\/span><\/span><span class=\"right next-level-button\" data-icon = \"fas fa-caret-down\"><i aria-hidden=\"true\" class=\"open-button fas fa-caret-right\"><\/i> <i aria-hidden=\"true\" class=\"icon-active fas fa-caret-down\"><\/i><\/span><\/a><\/li> <li class=\"menu-item menu-item-type-post_type menu-item-object-page menu-item-1079 depth-0\"><a href='http:\/\/tierschutzverein-gross-dortmund.de\/WP2021\/kontakt\/' data-level='1'><span class=\"item-content\"><span class=\"menu-item-text\"><span class=\"menu-text\">Kontakt<\/span><\/span><\/span><span class=\"right next-level-button\" data-icon = \"fas fa-caret-down\"><i aria-hidden=\"true\" class=\"open-button fas fa-caret-right\"><\/i> <i aria-hidden=\"true\" class=\"icon-active fas fa-caret-down\"><\/i><\/span><\/a><\/li> <li class=\"menu-item menu-item-type-post_type menu-item-object-page menu-item-760 depth-0\"><a href='http:\/\/tierschutzverein-gross-dortmund.de\/WP2021\/impressum\/' data-level='1'><span class=\"item-content\"><span class=\"menu-item-text\"><span class=\"menu-text\">Impressum<\/span><\/span><\/span><span class=\"right next-level-button\" data-icon = \"fas fa-caret-down\"><i aria-hidden=\"true\" class=\"open-button fas fa-caret-right\"><\/i> <i aria-hidden=\"true\" class=\"icon-active fas fa-caret-down\"><\/i><\/span><\/a><\/li> <li class=\"menu-item menu-item-type-post_type menu-item-object-page menu-item-1086 depth-0\"><a href='http:\/\/tierschutzverein-gross-dortmund.de\/WP2021\/datenschutz\/' data-level='1'><span class=\"item-content\"><span class=\"menu-item-text\"><span class=\"menu-text\">Datenschutz<\/span><\/span><\/span><span class=\"right next-level-button\" data-icon = \"fas fa-caret-down\"><i aria-hidden=\"true\" class=\"open-button fas fa-caret-right\"><\/i> <i aria-hidden=\"true\" class=\"icon-active fas fa-caret-down\"><\/i><\/span><\/a><\/li> <li class=\"menu-item menu-item-type-post_type menu-item-object-page menu-item-2811 last depth-0\"><a href='http:\/\/tierschutzverein-gross-dortmund.de\/WP2021\/elementor-449\/' data-level='1'><span class=\"item-content\"><span class=\"menu-item-text\"><span class=\"menu-text\">TS-Aktuell (TV)<\/span><\/span><\/span><span class=\"right next-level-button\" data-icon = \"fas fa-caret-down\"><i aria-hidden=\"true\" class=\"open-button fas fa-caret-right\"><\/i> <i aria-hidden=\"true\" class=\"icon-active fas fa-caret-down\"><\/i><\/span><\/a><\/li> <li class=\"menu-item menu-item-type-post_type menu-item-object-page menu-item-769 depth-0\"><a href='http:\/\/tierschutzverein-gross-dortmund.de\/WP2021\/tiertafel-oeffnungszeiten\/' data-level='1'><span class=\"item-content\"><span class=\"menu-item-text\"><span class=\"menu-text\">Tiertafel \u00d6ffnungszeiten<\/span><\/span><\/span><span class=\"right next-level-button\" data-icon = \"fas fa-caret-down\"><i aria-hidden=\"true\" class=\"open-button fas fa-caret-right\"><\/i> <i aria-hidden=\"true\" class=\"icon-active fas fa-caret-down\"><\/i><\/span><\/a><\/li> <li class=\"menu-item menu-item-type-post_type menu-item-object-page menu-item-768 depth-0\"><a href='http:\/\/tierschutzverein-gross-dortmund.de\/WP2021\/sponsoren-der-tiertafel\/' data-level='1'><span class=\"item-content\"><span class=\"menu-item-text\"><span class=\"menu-text\">Sponsoren der Tiertafel<\/span><\/span><\/span><span class=\"right next-level-button\" data-icon = \"fas fa-caret-down\"><i aria-hidden=\"true\" class=\"open-button fas fa-caret-right\"><\/i> <i aria-hidden=\"true\" class=\"icon-active fas fa-caret-down\"><\/i><\/span><\/a><\/li> <li class=\"menu-item menu-item-type-post_type menu-item-object-page menu-item-767 depth-0\"><a href='http:\/\/tierschutzverein-gross-dortmund.de\/WP2021\/presse-tiertafel\/' data-level='1'><span class=\"item-content\"><span class=\"menu-item-text\"><span class=\"menu-text\">Presse Tiertafel<\/span><\/span><\/span><span class=\"right next-level-button\" data-icon = \"fas fa-caret-down\"><i aria-hidden=\"true\" class=\"open-button fas fa-caret-right\"><\/i> <i aria-hidden=\"true\" class=\"icon-active fas fa-caret-down\"><\/i><\/span><\/a><\/li> <li class=\"menu-item menu-item-type-post_type menu-item-object-page menu-item-770 depth-0\"><a href='http:\/\/tierschutzverein-gross-dortmund.de\/WP2021\/tiertafel-unterstuetzung\/' data-level='1'><span class=\"item-content\"><span class=\"menu-item-text\"><span class=\"menu-text\">Tiertafel Unterst\u00fctzung<\/span><\/span><\/span><span class=\"right next-level-button\" data-icon = \"fas fa-caret-down\"><i aria-hidden=\"true\" class=\"open-button fas fa-caret-right\"><\/i> <i aria-hidden=\"true\" class=\"icon-active fas fa-caret-down\"><\/i><\/span><\/a><\/li> <\/ul><\/nav>\t\t\t\t<\/div>\n\t\t\t\t<\/div>\n\t\t\t\t<div class=\"elementor-element elementor-element-2c273efa elementor-widget elementor-widget-image\" data-id=\"2c273efa\" data-element_type=\"widget\" data-e-type=\"widget\" data-widget_type=\"image.default\">\n\t\t\t\t<div class=\"elementor-widget-container\">\n\t\t\t\t\t\t\t\t\t\t\t\t\t\t\t\t<a href=\"https:\/\/www.paypal.com\/cgi-bin\/webscr?cmd=_s-xclick&#038;hosted_button_id=URZTJM88RY6K6\">\n\t\t\t\t\t\t\t<img decoding=\"async\" width=\"180\" height=\"270\" src=\"http:\/\/tierschutzverein-gross-dortmund.de\/WP2021\/wp-content\/uploads\/2021\/07\/spenden_button_mit-1.jpg\" class=\"attachment-large size-large wp-image-404\" alt=\"\" \/>\t\t\t\t\t\t\t\t<\/a>\n\t\t\t\t\t\t\t\t\t\t\t\t\t\t\t<\/div>\n\t\t\t\t<\/div>\n\t\t\t\t<div class=\"elementor-element elementor-element-6ba23e63 elementor-widget elementor-widget-image\" data-id=\"6ba23e63\" data-element_type=\"widget\" data-e-type=\"widget\" data-widget_type=\"image.default\">\n\t\t\t\t<div class=\"elementor-widget-container\">\n\t\t\t\t\t\t\t\t\t\t\t\t\t\t\t<img loading=\"lazy\" decoding=\"async\" width=\"250\" height=\"349\" src=\"http:\/\/tierschutzverein-gross-dortmund.de\/WP2021\/wp-content\/uploads\/2021\/07\/202007_250-1.jpg\" class=\"attachment-large size-large wp-image-405\" alt=\"\" srcset=\"http:\/\/tierschutzverein-gross-dortmund.de\/WP2021\/wp-content\/uploads\/2021\/07\/202007_250-1.jpg 250w, http:\/\/tierschutzverein-gross-dortmund.de\/WP2021\/wp-content\/uploads\/2021\/07\/202007_250-1-215x300.jpg 215w\" sizes=\"(max-width: 250px) 100vw, 250px\" \/>\t\t\t\t\t\t\t\t\t\t\t\t\t\t\t<\/div>\n\t\t\t\t<\/div>\n\t\t\t\t<div class=\"elementor-element elementor-element-7ff8ee79 elementor-widget elementor-widget-image\" data-id=\"7ff8ee79\" data-element_type=\"widget\" data-e-type=\"widget\" data-widget_type=\"image.default\">\n\t\t\t\t<div class=\"elementor-widget-container\">\n\t\t\t\t\t\t\t\t\t\t\t\t\t\t\t<img loading=\"lazy\" decoding=\"async\" width=\"180\" height=\"96\" src=\"http:\/\/tierschutzverein-gross-dortmund.de\/WP2021\/wp-content\/uploads\/2021\/07\/helferherzen-1.jpg\" class=\"attachment-large size-large wp-image-406\" alt=\"\" \/>\t\t\t\t\t\t\t\t\t\t\t\t\t\t\t<\/div>\n\t\t\t\t<\/div>\n\t\t\t\t\t<\/div>\n\t\t<\/div>\n\t\t\t\t<div class=\"elementor-column elementor-col-66 elementor-top-column elementor-element elementor-element-3fe232c5\" data-id=\"3fe232c5\" data-element_type=\"column\" data-e-type=\"column\" data-settings=\"{&quot;background_background&quot;:&quot;classic&quot;}\">\n\t\t\t<div class=\"elementor-widget-wrap elementor-element-populated\">\n\t\t\t\t\t\t<div class=\"elementor-element elementor-element-e7ab8d4 elementor-widget elementor-widget-text-editor\" data-id=\"e7ab8d4\" data-element_type=\"widget\" data-e-type=\"widget\" data-widget_type=\"text-editor.default\">\n\t\t\t\t<div class=\"elementor-widget-container\">\n\t\t\t\t\t\t\t\t\t<p><strong><span class=\"ueberschrift\"><span class=\"seiten_ueberschrift\">Datenschutzerkl\u00e4rung<\/span><\/span><\/strong><\/p><p class=\"schrift\">Der Tierschutzverein Gro\u00df-Dortmund e.V. nimmt den Schutz personenbezogener Daten sehr ernst.<br \/>Diese Datenschutzerkl\u00e4rung (Privacy Policy) gilt f\u00fcr den Internetauftritt des Tierschutzvereins Gro\u00df-Dortmund e.V.<br \/><br \/>Die geltenden Datenschutzvorschriften, insbesondere die Datenschutz-Grundverordnung (DSGVO) sowie das Bundesdatenschutzgesetz, verpflichten uns zum ordnungsgem\u00e4\u00dfen und zweckgebundenen Umgang mit Daten der Nutzer unseres Angebotes. Ihre Daten d\u00fcrfen ausschlie\u00dflich zu den angegebenen Zwecken verwendet werden. Wir m\u00f6chten Sie nachfolgend dar\u00fcber informieren, welche Daten wir erheben und wie die Daten im Einzelnen verarbeitet oder genutzt werden.<\/p><ul><li class=\"schrift\"><strong>Teil 1: Datenschutzinformation \u00fcber die Datenverarbeitung nach Artikel 13, 14 und 21 der Datenschutz-Grundverordnung (DGSVO)<\/strong><\/li><\/ul><ul><li class=\"schrift\"><strong>Teil 2: Datenschutzerkl\u00e4rung f\u00fcr unsere Website<\/strong><\/li><\/ul><div align=\"center\">\u00a0<\/div>\t\t\t\t\t\t\t\t<\/div>\n\t\t\t\t<\/div>\n\t\t\t\t<div class=\"elementor-element elementor-element-8085421 elementor-widget elementor-widget-text-editor\" data-id=\"8085421\" data-element_type=\"widget\" data-e-type=\"widget\" data-widget_type=\"text-editor.default\">\n\t\t\t\t<div class=\"elementor-widget-container\">\n\t\t\t\t\t\t\t\t\t<hr \/><p class=\"schrift\"><strong>Teil 1: Datenschutzinformation \u00fcber die Datenverarbeitung nach Artikel 13, 14 und 21 der Datenschutz-Grundverordnung (DGSVO<\/strong><\/p><p class=\"schrift\"><strong>1.\u00a0<\/strong>\u00a0<strong>F\u00fcr die Datenverarbeitung verantwortliche Stelle und Kontaktdaten<\/strong><\/p><p class=\"schrift\">Verantwortlich im Sinne des Datenschutzrechts:<\/p><div><p class=\"schrift\">Tierschutzverein Gro\u00df-Dortmund e. V.<br \/>Kleppingstrasse 37<br \/>44135 Dortmund<br \/>Telefon:0231-81 83 96<\/p><\/div><p class=\"schrift\">Bei Fragen oder Anregungen zum Datenschutz und zu unserer Datenschutzerkl\u00e4rung wenden Sie sich bitte an uns. Auf Antrag informieren wir Sie \u00fcber die zu Ihrer Person gespeicherten Daten. Kontakt:\u00a0<strong>info@tierschutzverein-dortmund.de<\/strong><\/p><p class=\"schrift\"><strong>\u00a02. Zwecke und Rechtsgrundlage, auf der wir Ihre Daten verarbeiten<br \/><\/strong><br \/><u>Erhebung, Speicherung und Verwendung von Daten<\/u><br \/>Wir erheben und verwenden personenbezogene Daten im Einklang mit den Bestimmungen der Datenschutz-Grundverordnung (DSGVO), dem Bundesdatenschutzgesetz (BDSG) sowie anderen anwendbaren Datenschutzvorschriften. \u00a0Ihre Daten werden zur Pflege der laufenden F\u00f6rderbeziehung gespeichert und um Ihnen Informationen \u00fcber unsere aktuellen Kampagnen zuzusenden, sofern Sie dies ausdr\u00fccklich w\u00fcnschen.<br \/>Welche Daten im Einzelnen verarbeitet und in welcher Weise genutzt werden, richtet sich ma\u00dfgeblich nach den jeweils beantragten bzw. vereinbarten Dienstleistungen. Weitere Einzelheiten oder Erg\u00e4nzungen zur Datenverarbeitung k\u00f6nnen Sie den jeweiligen Vertragsunterlagen, Formularen, einer Einwilligungserkl\u00e4rung und\/oder anderen Informationen entnehmen.<\/p><p class=\"schrift\"><strong>2.1 Zwecke zur Erf\u00fcllung eines Vertrages oder von vorvertraglichen Ma\u00dfnahmen<br \/>(Art. 6 Abs. 1 b DSGVO)<br \/><\/strong><br \/>Die Erhebung personenbezogener Daten erfolgt zur Verwaltung von Spenden und Ausstellung von Spendenquittungen. Insbesondere dient die Erhebung damit der Erbringung von Leistungen entsprechend Ihren Auftr\u00e4gen und W\u00fcnschen und umfasst die hierf\u00fcr notwendigen Dienstleistungen, Ma\u00dfnahmen und T\u00e4tigkeiten.<\/p><p class=\"schrift\"><strong>2.2 Zwecke im Rahmen eines berechtigten Interesses von uns oder Dritten<br \/>(Art. 6 Abs. 1 f DSGVO)<\/strong><br \/><br \/>Dar\u00fcber hinaus verarbeiten wir Ihre Daten gegebenenfalls, wenn es erforderlich ist, um berechtigte Interessen von uns oder Dritten zu wahren, insbesondere f\u00fcr folgende Zwecke:<\/p><ul><li class=\"schrift\">Aufnahme- und Zuschussantr\u00e4ge, u. a. f\u00fcr E\u00dcR, Bescheide FA, Satzungen, Protokolle von Mitgliederversammlungen etc.<br \/><br \/><\/li><li class=\"schrift\">der Geltendmachung rechtlicher Anspr\u00fcche und Verteidigung bei rechtlichen Streitigkeiten, die nicht unmittelbar dem Vertragsverh\u00e4ltnis zuzuordnen sind<br \/><br \/><\/li><li class=\"schrift\">eingeschr\u00e4nkte Speicherung der Daten, wenn eine L\u00f6schung wegen der besonderen Art der Speicherung nicht oder nur mit unverh\u00e4ltnism\u00e4\u00dfig hohem Aufwand m\u00f6glich ist<br \/><br \/><\/li><li class=\"schrift\">Verhinderung und Aufkl\u00e4rung von Straftaten, soweit nicht ausschlie\u00dflich zur Erf\u00fcllung gesetzlicher Vorgaben<\/li><\/ul><p class=\"schrift\"><strong>2.3 Zwecke im Rahmen Ihrer Einwilligung (Art. 6 Abs. 1 a DSGVO)<\/strong><br \/><br \/>Eine Verarbeitung Ihrer personenbezogenen Daten f\u00fcr bestimmte Zwecke (z. B. Nutzung Ihrer E-Mail-Adresse ) kann auch aufgrund Ihrer Einwilligung erfolgen. Diese k\u00f6nnen Sie jederzeit widerrufen. Grunds\u00e4tzlich gilt, dass der Widerruf einer Einwilligung erst f\u00fcr die Zukunft wirkt. Verarbeitungen, die vor dem Widerruf erfolgt sind, sind davon nicht betroffen und bleiben rechtm\u00e4\u00dfig.<\/p><p class=\"schrift\"><strong>2.4 Zwecke zur Erf\u00fcllung gesetzlicher Vorgaben (Art. 6 Abs. 1 c DSGVO) oder im \u00f6ffentlichen Interesse (Art. 6 Abs. 1 e DSGVO)<\/strong><br \/><br \/>Wie jeder, der sich am Wirtschaftsgeschehen beteiligt, unterliegen auch wir einer Vielzahl von rechtlichen Verpflichtungen. Prim\u00e4r sind dies gesetzliche Anforderungen (z.B. Betriebsverfassungsgesetz, Sozialgesetzbuch, Handels- und Steuergesetze, Allgemeines Gleichbehandlungsgesetz, B\u00fcrgerliches Gesetzbuch, Abgabenordnung), aber auch gegebenenfalls aufsichtsrechtliche oder andere beh\u00f6rdliche Vorgaben (z. B. Berufsgenossenschaft). Zu den Zwecken der Verarbeitung geh\u00f6ren die Identit\u00e4ts- und Alterspr\u00fcfung, Betrugs- und Geldw\u00e4schepr\u00e4vention und Pr\u00e4vention verm\u00f6gensgef\u00e4hrdender Straftaten, die Erf\u00fcllung steuerrechtlicher Kontroll- und Meldepflichten sowie die Archivierung von Daten zu Zwecken des Datenschutzes und der Datensicherheit sowie der Pr\u00fcfung durch Steuer- und andere Beh\u00f6rden. Dar\u00fcber hinaus kann die Offenlegung personenbezogener Daten im Rahmen von beh\u00f6rdlichen\/gerichtlichen Ma\u00dfnahmen zu Zwecken der Beweiserhebung, Strafverfolgung oder Durchsetzung zivilrechtlicher Anspr\u00fcche erforderlich werden.<\/p><p class=\"schrift\"><strong>3. Die von uns verarbeiteten Datenkategorien, soweit wir Daten nicht unmittelbar von Ihnen erhalten, und deren Herkunft<\/strong><br \/><br \/>Soweit dies f\u00fcr die Erbringung unserer Dienstleistungen erforderlich ist, verarbeiten wir von anderen Unternehmen oder sonstigen Dritten (z.B. Qualit\u00e4tsbewertung oder Beschwerden von Kunden\/Lieferanten\/Verbrauchern) zul\u00e4ssigerweise erhaltene personenbezogene Daten.<\/p><p class=\"schrift\"><strong>4. Empf\u00e4nger oder Kategorien von Empf\u00e4ngern Ihrer Daten<\/strong><br \/><br \/>Innerhalb unseres Hauses erhalten diejenigen Mitarbeiter Ihre Daten, die diese zur Erf\u00fcllung unserer vertraglichen und gesetzlichen Pflichten oder im Rahmen der Bearbeitung und Umsetzung unseres berechtigten Interesses ben\u00f6tigen. Eine Weitergabe Ihrer Daten\u00a0<span class=\"schrift\">an externe Stellen erfolgt ausschlie\u00dflich<\/span><\/p><ul><li class=\"schrift\">wenn Sie uns eine Einwilligung zur \u00dcbermittlung an Dritte gegeben haben,<br \/><br \/><\/li><li class=\"schrift\">aufgrund unseres berechtigten Interesses oder des berechtigten Interesses des Dritten f\u00fcr im Rahmen der unter Ziffer 2.2 genannten Zwecke (z. B. an Beh\u00f6rden, Inkasso, Rechtsanw\u00e4lte, Gerichte,<br \/><br \/><\/li><li class=\"schrift\">zu Zwecken der Erf\u00fcllung gesetzlicher Vorgaben, nach denen wir zur Auskunft, Meldung oder Weitergabe von Daten verpflichtet sind oder die Datenweitergabe im \u00f6ffentlichen Interesse liegt (vgl. Ziffer 2.4) und<\/li><\/ul><p class=\"schrift\">Soweit wir Dienstleister im Rahmen einer Auftragsverarbeitung beauftragen, unterliegen Ihre Daten dort den gleichen Sicherheitsstandards wie bei uns. In den \u00fcbrigen F\u00e4llen d\u00fcrfen die Empf\u00e4nger die Daten nur f\u00fcr die Zwecke nutzen, f\u00fcr die sie Ihnen \u00fcbermittelt wurden. Wir werden Ihre Daten dar\u00fcber hinaus nicht an unbefugte Dritte weitergeben.<\/p><p class=\"schrift\"><strong>5. Dauer der Speicherung Ihrer Daten<\/strong><br \/><br \/>Wir verarbeiten und speichern Ihre Daten f\u00fcr die Dauer unserer Gesch\u00e4ftsbeziehung. Das schlie\u00dft auch die Anbahnung eines Vertrages (vorvertragliches Rechtsverh\u00e4ltnis) und die Abwicklung eines Vertrages mit ein.<br \/>Dar\u00fcber hinaus unterliegen wir verschiedenen Aufbewahrungs- und Dokumentationspflichten. Die vorgegebenen Fristen zur Aufbewahrung bzw. Dokumentation betragen in der Regel zehn Jahre \u00fcber das Ende der Gesch\u00e4ftsbeziehung bzw. des vorvertraglichen Rechtsverh\u00e4ltnisses hinaus. Soweit Tiere betroffen sind gehen wir von einem Enden der Beziehungen mit dem Tod des Tieres aus.<br \/>Sind die Daten f\u00fcr die Erf\u00fcllung vertraglicher oder gesetzlicher Pflichten und Rechte nicht mehr erforderlich, werden diese regelm\u00e4\u00dfig gel\u00f6scht, es sei denn, deren &#8211; befristete &#8211; Weiterverarbeitung ist zur Erf\u00fcllung der unter Ziffer 2.2 aufgef\u00fchrten Zwecke aus einem \u00fcberwiegenden berechtigten Interesse erforderlich.<\/p><p class=\"schrift\"><strong>6. Verarbeitung Ihrer Daten in einem Drittland oder durch eine internationale Organisation<\/strong><br \/><br \/>Eine Daten\u00fcbermittlung an Stellen in Staaten au\u00dferhalb der Europ\u00e4ischen Union bzw. des Europ\u00e4ischen Wirtschaftsraums findet nicht statt.<\/p><p class=\"schrift\"><strong>7. Ihre Datenschutzrechte<\/strong><br \/><br \/><span class=\"schrift\">Unter bestimmten Voraussetzungen k\u00f6nnen Sie uns gegen\u00fcber Ihre Datenschutzrechte geltend machen<\/span><\/p><ul><li class=\"schrift\">So haben Sie das Recht, von uns Auskunft \u00fcber Ihre bei uns gespeicherten Daten nach den Regeln von Art. 15 DSGVO (ggf. mit Einschr\u00e4nkungen nach \u00a7 34 BDSG) zu erhalten. Auch haben Sie das Recht, Ihre Daten unter den Voraussetzungen von Art. 20 DSGVO in einem strukturierten, g\u00e4ngigen und maschinenlesbaren Format zu erhalten oder sie einem Dritten zu \u00fcbermitteln.<br \/><br \/><\/li><li class=\"schrift\">Auf Ihren Antrag hin werden wir die \u00fcber Sie gespeicherten Daten nach Art. 16 DSGVO berichtigen, wenn diese unzutreffend oder fehlerhaft sind.<br \/><br \/><\/li><li class=\"schrift\">Dar\u00fcber hinaus haben Sie jederzeit das Recht, eine erteilte Einwilligung in die Verarbeitung personenbezogener Daten mit sofortiger Wirkung f\u00fcr die Zukunft zu widerrufen (vgl. Ziffer 2.3).<br \/><br \/><\/li><li class=\"schrift\">Wenn Sie es w\u00fcnschen, werden wir Ihre Daten nach den Grunds\u00e4tzen von Art. 17 DSGVO l\u00f6schen, sofern andere gesetzliche Regelungen (z. B. gesetzliche Aufbewahrungspflichten oder die Einschr\u00e4nkungen nach \u00a7 35 BDSG) oder ein \u00fcberwiegendes Interesse unsererseits (z. B. zur Verteidigung unserer Rechte und Anspr\u00fcche) dem nicht entgegenstehen. Unter Ber\u00fccksichtigung der Voraussetzungen des Art. 18 DSGVO k\u00f6nnen Sie von uns verlangen, die Verarbeitung Ihrer Daten einzuschr\u00e4nken. Ferner k\u00f6nnen Sie gegen die Verarbeitung Ihrer Daten Widerspruch nach Art. 21 DSGVO einlegen, aufgrund dessen wir die Verarbeitung Ihrer Daten beenden m\u00fcssen. Dieses Widerspruchsrecht gilt allerdings nur bei Vorliegen ganz besonderer Umst\u00e4nde Ihrer pers\u00f6nlichen Situation, wobei Rechte unseres Hauses Ihrem Widerspruchsrecht gegebenenfalls entgegenstehen k\u00f6nnen.<br \/><br \/><\/li><li class=\"schrift\">Ferner steht Ihnen ein Beschwerderecht bei einer Datenschutzaufsichtsbeh\u00f6rde zu (Art. 77 DSGVO). Wir empfehlen allerdings, eine Beschwerde zun\u00e4chst immer an die genannte Anschrift zu richten.<\/li><\/ul><p class=\"schrift\">Antr\u00e4ge auf die Aus\u00fcbung ihrer Rechte sollten nach M\u00f6glichkeit schriftlich an die oben angegebene Anschrift adressiert werden.<\/p><div><p class=\"schrift\"><strong>Information \u00fcber Ihr Widerspruchsrecht Art. 21 DSGVO<br \/><\/strong><br \/>Sie haben das Recht, jederzeit gegen die Verarbeitung Ihrer Daten, die aufgrund von Art. 6 Abs. 1 f DSGVO (Datenverarbeitung auf der Grundlage einer Interessenabw\u00e4gung) oder Art. 6 Abs. 1 e DSGVO (Datenverarbeitung im \u00f6ffentlichen Interesse) erfolgt, Widerspruch einzulegen, wenn daf\u00fcr Gr\u00fcnde vorliegen, die sich aus Ihrer besonderen Situation ergeben. Legen Sie Widerspruch ein, werden wir Ihre personenbezogenen Daten aus den genannten Gr\u00fcnden nicht mehr verarbeiten, es sei denn, wir k\u00f6nnen zwingende schutzw\u00fcrdige Gr\u00fcnde f\u00fcr die Verarbeitung nachweisen, die Ihre Interessen, Rechte und Freiheiten \u00fcberwiegen, oder die Verarbeitung dient der Geltendmachung, Aus\u00fcbung oder Verteidigung von Rechtsanspr\u00fcchen. Der Widerspruch kann schriftlich erfolgen und sollte m\u00f6glichst gerichtet werden an: Tierschutzverein Gro\u00df-Dortmund \u00a0e. V., Kleppingstrasse 37, 44135 Dortmund, E-Mail: info@tierschutzverein-dortmund.de<\/p><\/div><p class=\"schrift\"><em>Unsere Datenschutzerkl\u00e4rung sowie die Information zum Datenschutz \u00fcber unsere Datenverarbeitung nach Artikel (Art.) 13, 14 und 21 DSGVO kann sich von Zeit zu Zeit \u00e4ndern. Alle \u00c4nderungen werden wir auf dieser Seite ver\u00f6ffentlichen. \u00c4ltere Versionen stellen wir Ihnen zur Einsicht in einem Archiv bereit.<\/em><br \/><em>Stand: 17. Mail 2018<\/em><\/p>\t\t\t\t\t\t\t\t<\/div>\n\t\t\t\t<\/div>\n\t\t\t\t<div class=\"elementor-element elementor-element-7ef0582 elementor-widget elementor-widget-text-editor\" data-id=\"7ef0582\" data-element_type=\"widget\" data-e-type=\"widget\" data-widget_type=\"text-editor.default\">\n\t\t\t\t<div class=\"elementor-widget-container\">\n\t\t\t\t\t\t\t\t\t<hr \/><p class=\"schrift\"><strong>Teil 2: Datenschutzerkl\u00e4rung f\u00fcr unsere Website<\/strong><\/p><p class=\"schrift\"><strong>Allgemeiner Hinweis<\/strong><\/p><p class=\"schrift\">\u00dcber Formulare und Suchmaschinen sowie in Protokolldateien werden bei der Nutzung von Internetangeboten Daten erhoben. Dabei werden von uns keine personenbezogenen Daten gespeichert. Wir k\u00f6nnen also nicht nachvollziehen, welcher Nutzer welche Daten abgerufen hat.<\/p><p class=\"schrift\"><strong>Verweise und Links<\/strong><br \/><br \/>Der Tierschutzverein Gro\u00df-Dortmund e.V. erkl\u00e4rt hiermit ausdr\u00fccklich, dass zum Zeitpunkt der Linksetzung keine illegalen Inhalte auf den zu verlinkenden Seiten erkennbar waren. Auf die aktuelle und zuk\u00fcnftige Gestaltung, die Inhalte oder die Urheberschaft der verlinkten Seiten hat der Tierschutzverein Gro\u00df-Dortmund e.V. keinerlei Einfluss. Deshalb distanziert er sich hiermit ausdr\u00fccklich von allen Inhalten aller verlinkten Seiten, die nach der Linksetzung ver\u00e4ndert wurden.<br \/><br \/>Diese Feststellung gilt f\u00fcr alle innerhalb des eigenen Internetangebotes gesetzten Links und Verweise. F\u00fcr illegale, fehlerhafte oder unvollst\u00e4ndige Inhalte und insbesondere f\u00fcr Sch\u00e4den, die aus der Nutzung oder Nichtnutzung solcherart dargebotener Informationen entstehen, haftet allein der Anbieter der Seite, auf welche verwiesen wurde, nicht derjenige, der \u00fcber Links auf die jeweilige Ver\u00f6ffentlichung lediglich verweist.<\/p>\t\t\t\t\t\t\t\t<\/div>\n\t\t\t\t<\/div>\n\t\t\t\t\t<\/div>\n\t\t<\/div>\n\t\t\t\t<div class=\"elementor-column elementor-col-16 elementor-top-column elementor-element elementor-element-2136ccff\" data-id=\"2136ccff\" data-element_type=\"column\" data-e-type=\"column\" data-settings=\"{&quot;background_background&quot;:&quot;classic&quot;}\">\n\t\t\t<div class=\"elementor-widget-wrap elementor-element-populated\">\n\t\t\t\t\t\t<div class=\"elementor-element elementor-element-12df09e1 elementor-widget elementor-widget-image\" data-id=\"12df09e1\" data-element_type=\"widget\" data-e-type=\"widget\" data-widget_type=\"image.default\">\n\t\t\t\t<div class=\"elementor-widget-container\">\n\t\t\t\t\t\t\t\t\t\t\t\t\t\t\t<img loading=\"lazy\" decoding=\"async\" width=\"600\" height=\"881\" src=\"http:\/\/tierschutzverein-gross-dortmund.de\/WP2021\/wp-content\/uploads\/2021\/07\/urkunde-1.jpg\" class=\"attachment-large size-large wp-image-414\" alt=\"\" srcset=\"http:\/\/tierschutzverein-gross-dortmund.de\/WP2021\/wp-content\/uploads\/2021\/07\/urkunde-1.jpg 600w, http:\/\/tierschutzverein-gross-dortmund.de\/WP2021\/wp-content\/uploads\/2021\/07\/urkunde-1-204x300.jpg 204w\" sizes=\"(max-width: 600px) 100vw, 600px\" \/>\t\t\t\t\t\t\t\t\t\t\t\t\t\t\t<\/div>\n\t\t\t\t<\/div>\n\t\t\t\t<div class=\"elementor-element elementor-element-632584e elementor-widget elementor-widget-image\" data-id=\"632584e\" data-element_type=\"widget\" data-e-type=\"widget\" data-widget_type=\"image.default\">\n\t\t\t\t<div class=\"elementor-widget-container\">\n\t\t\t\t\t\t\t\t\t\t\t\t\t\t\t<img loading=\"lazy\" decoding=\"async\" width=\"153\" height=\"53\" src=\"http:\/\/tierschutzverein-gross-dortmund.de\/WP2021\/wp-content\/uploads\/2021\/07\/tiertafel_logo_banner-1.jpg\" class=\"attachment-large size-large wp-image-415\" alt=\"\" srcset=\"http:\/\/tierschutzverein-gross-dortmund.de\/WP2021\/wp-content\/uploads\/2021\/07\/tiertafel_logo_banner-1.jpg 153w, http:\/\/tierschutzverein-gross-dortmund.de\/WP2021\/wp-content\/uploads\/2021\/07\/tiertafel_logo_banner-1-150x53.jpg 150w\" sizes=\"(max-width: 153px) 100vw, 153px\" \/>\t\t\t\t\t\t\t\t\t\t\t\t\t\t\t<\/div>\n\t\t\t\t<\/div>\n\t\t\t\t<div class=\"elementor-element elementor-element-63c29ee6 elementor-widget elementor-widget-image\" data-id=\"63c29ee6\" data-element_type=\"widget\" data-e-type=\"widget\" data-widget_type=\"image.default\">\n\t\t\t\t<div class=\"elementor-widget-container\">\n\t\t\t\t\t\t\t\t\t\t\t\t\t\t\t<img loading=\"lazy\" decoding=\"async\" width=\"153\" height=\"85\" src=\"http:\/\/tierschutzverein-gross-dortmund.de\/WP2021\/wp-content\/uploads\/2021\/07\/katzenvermittlung-1.jpg\" class=\"attachment-large size-large wp-image-416\" alt=\"\" \/>\t\t\t\t\t\t\t\t\t\t\t\t\t\t\t<\/div>\n\t\t\t\t<\/div>\n\t\t\t\t<div class=\"elementor-element elementor-element-77e38415 elementor-widget elementor-widget-image\" data-id=\"77e38415\" data-element_type=\"widget\" data-e-type=\"widget\" data-widget_type=\"image.default\">\n\t\t\t\t<div class=\"elementor-widget-container\">\n\t\t\t\t\t\t\t\t\t\t\t\t\t\t\t\t<a href=\"http:\/\/www.diebaerenbande.de\/index.php\">\n\t\t\t\t\t\t\t<img loading=\"lazy\" decoding=\"async\" width=\"150\" height=\"56\" src=\"http:\/\/tierschutzverein-gross-dortmund.de\/WP2021\/wp-content\/uploads\/2021\/07\/bearenlogoklein-1.gif\" class=\"attachment-large size-large wp-image-417\" alt=\"\" \/>\t\t\t\t\t\t\t\t<\/a>\n\t\t\t\t\t\t\t\t\t\t\t\t\t\t\t<\/div>\n\t\t\t\t<\/div>\n\t\t\t\t<div class=\"elementor-element elementor-element-7842bd32 elementor-widget elementor-widget-image\" data-id=\"7842bd32\" data-element_type=\"widget\" data-e-type=\"widget\" data-widget_type=\"image.default\">\n\t\t\t\t<div class=\"elementor-widget-container\">\n\t\t\t\t\t\t\t\t\t\t\t\t\t\t\t<img loading=\"lazy\" decoding=\"async\" width=\"149\" height=\"60\" src=\"http:\/\/tierschutzverein-gross-dortmund.de\/WP2021\/wp-content\/uploads\/2021\/07\/hundeauslaufflaechen_klein_m_hund-1.gif\" class=\"attachment-large size-large wp-image-418\" alt=\"\" \/>\t\t\t\t\t\t\t\t\t\t\t\t\t\t\t<\/div>\n\t\t\t\t<\/div>\n\t\t\t\t<div class=\"elementor-element elementor-element-5391c6e9 elementor-widget elementor-widget-image\" data-id=\"5391c6e9\" data-element_type=\"widget\" data-e-type=\"widget\" data-widget_type=\"image.default\">\n\t\t\t\t<div class=\"elementor-widget-container\">\n\t\t\t\t\t\t\t\t\t\t\t\t\t\t\t<img loading=\"lazy\" decoding=\"async\" width=\"149\" height=\"214\" src=\"http:\/\/tierschutzverein-gross-dortmund.de\/WP2021\/wp-content\/uploads\/2021\/07\/spenden_auslaufflaechen-1.jpg\" class=\"attachment-large size-large wp-image-419\" alt=\"\" \/>\t\t\t\t\t\t\t\t\t\t\t\t\t\t\t<\/div>\n\t\t\t\t<\/div>\n\t\t\t\t\t<\/div>\n\t\t<\/div>\n\t\t\t\t\t<\/div>\n\t\t<\/section>\n\t\t\t\t<section class=\"elementor-section elementor-top-section elementor-element elementor-element-2e2f884d elementor-section-boxed elementor-section-height-default elementor-section-height-default\" data-id=\"2e2f884d\" data-element_type=\"section\" data-e-type=\"section\" data-settings=\"{&quot;background_background&quot;:&quot;classic&quot;}\">\n\t\t\t\t\t\t<div class=\"elementor-container elementor-column-gap-default\">\n\t\t\t\t\t<div class=\"elementor-column elementor-col-16 elementor-top-column elementor-element elementor-element-509a78b3\" data-id=\"509a78b3\" data-element_type=\"column\" data-e-type=\"column\">\n\t\t\t<div class=\"elementor-widget-wrap\">\n\t\t\t\t\t\t\t<\/div>\n\t\t<\/div>\n\t\t\t\t<div class=\"elementor-column elementor-col-66 elementor-top-column elementor-element elementor-element-5e46c118\" data-id=\"5e46c118\" data-element_type=\"column\" data-e-type=\"column\">\n\t\t\t<div class=\"elementor-widget-wrap elementor-element-populated\">\n\t\t\t\t\t\t<div class=\"elementor-element elementor-element-2e7868a6 elementor-widget elementor-widget-text-editor\" data-id=\"2e7868a6\" data-element_type=\"widget\" data-e-type=\"widget\" data-widget_type=\"text-editor.default\">\n\t\t\t\t<div class=\"elementor-widget-container\">\n\t\t\t\t\t\t\t\t\t<p>Copyright 2018 &#8211; 2026 by TierSchutzVerein Gross-Dortmund e.V.<br \/>Kleppingstr. 37 &#8211; Berswordt-Halle &#8211; 44135 Dortmund &#8211; Tel.: (0231) 81 83 96<\/p>\t\t\t\t\t\t\t\t<\/div>\n\t\t\t\t<\/div>\n\t\t\t\t\t<\/div>\n\t\t<\/div>\n\t\t\t\t<div class=\"elementor-column elementor-col-16 elementor-top-column elementor-element elementor-element-5b8aaca7\" data-id=\"5b8aaca7\" data-element_type=\"column\" data-e-type=\"column\">\n\t\t\t<div class=\"elementor-widget-wrap\">\n\t\t\t\t\t\t\t<\/div>\n\t\t<\/div>\n\t\t\t\t\t<\/div>\n\t\t<\/section>\n\t\t\t\t<\/div>\n\t\t","protected":false},"excerpt":{"rendered":"<p>TierSchutzVerein GROSS-DORTMUND e.V. seit 1951 Stand vom: 17.06.2024 Datenschutzerkl\u00e4rung Der Tierschutzverein Gro\u00df-Dortmund e.V. nimmt den Schutz personenbezogener Daten sehr ernst.Diese Datenschutzerkl\u00e4rung (Privacy Policy) gilt f\u00fcr den Internetauftritt des Tierschutzvereins Gro\u00df-Dortmund e.V. Die geltenden Datenschutzvorschriften, insbesondere die Datenschutz-Grundverordnung (DSGVO) sowie das Bundesdatenschutzgesetz, verpflichten uns zum ordnungsgem\u00e4\u00dfen und zweckgebundenen Umgang mit Daten der Nutzer unseres Angebotes. Ihre&hellip;<\/p>\n","protected":false},"author":1,"featured_media":0,"parent":0,"menu_order":0,"comment_status":"closed","ping_status":"closed","template":"","meta":{"footnotes":""},"class_list":["post-1084","page","type-page","status-publish","hentry"],"_links":{"self":[{"href":"http:\/\/tierschutzverein-gross-dortmund.de\/WP2021\/wp-json\/wp\/v2\/pages\/1084","targetHints":{"allow":["GET"]}}],"collection":[{"href":"http:\/\/tierschutzverein-gross-dortmund.de\/WP2021\/wp-json\/wp\/v2\/pages"}],"about":[{"href":"http:\/\/tierschutzverein-gross-dortmund.de\/WP2021\/wp-json\/wp\/v2\/types\/page"}],"author":[{"embeddable":true,"href":"http:\/\/tierschutzverein-gross-dortmund.de\/WP2021\/wp-json\/wp\/v2\/users\/1"}],"replies":[{"embeddable":true,"href":"http:\/\/tierschutzverein-gross-dortmund.de\/WP2021\/wp-json\/wp\/v2\/comments?post=1084"}],"version-history":[{"count":12,"href":"http:\/\/tierschutzverein-gross-dortmund.de\/WP2021\/wp-json\/wp\/v2\/pages\/1084\/revisions"}],"predecessor-version":[{"id":2573,"href":"http:\/\/tierschutzverein-gross-dortmund.de\/WP2021\/wp-json\/wp\/v2\/pages\/1084\/revisions\/2573"}],"wp:attachment":[{"href":"http:\/\/tierschutzverein-gross-dortmund.de\/WP2021\/wp-json\/wp\/v2\/media?parent=1084"}],"curies":[{"name":"wp","href":"https:\/\/api.w.org\/{rel}","templated":true}]}}